{"id":9,"date":"2024-01-17T20:46:03","date_gmt":"2024-01-17T19:46:03","guid":{"rendered":"http:\/\/ctrl-alt-shift.com\/?page_id=9"},"modified":"2026-01-15T20:16:02","modified_gmt":"2026-01-15T19:16:02","slug":"home","status":"publish","type":"page","link":"https:\/\/ctrl-alt-shift.com\/de\/","title":{"rendered":"HOME"},"content":{"rendered":"\n<div class=\"wp-block-cover alignfull\" style=\"min-height:147px;aspect-ratio:unset;\"><img loading=\"lazy\" decoding=\"async\" width=\"1600\" height=\"805\" sizes=\"auto, (max-width: 799px) 200vw, (max-width: 1600px) 100vw, 1600px\" class=\"wp-block-cover__image-background wp-image-342\" alt=\"\" src=\"https:\/\/ctrl-alt-shift.com\/wp-content\/uploads\/2024\/03\/Titelbild-2.jpg\" data-object-fit=\"cover\" srcset=\"https:\/\/ctrl-alt-shift.com\/wp-content\/uploads\/2024\/03\/Titelbild-2.jpg 1600w, https:\/\/ctrl-alt-shift.com\/wp-content\/uploads\/2024\/03\/Titelbild-2-300x151.jpg 300w, https:\/\/ctrl-alt-shift.com\/wp-content\/uploads\/2024\/03\/Titelbild-2-1024x515.jpg 1024w, https:\/\/ctrl-alt-shift.com\/wp-content\/uploads\/2024\/03\/Titelbild-2-768x386.jpg 768w, https:\/\/ctrl-alt-shift.com\/wp-content\/uploads\/2024\/03\/Titelbild-2-1536x773.jpg 1536w, https:\/\/ctrl-alt-shift.com\/wp-content\/uploads\/2024\/03\/Titelbild-2-18x9.jpg 18w, https:\/\/ctrl-alt-shift.com\/wp-content\/uploads\/2024\/03\/Titelbild-2-1568x789.jpg 1568w\" \/><span aria-hidden=\"true\" class=\"wp-block-cover__background has-background-dim-0 has-background-dim\"><\/span><div class=\"wp-block-cover__inner-container is-layout-flow wp-block-cover-is-layout-flow\">\n<div style=\"height:450px\" aria-hidden=\"true\" class=\"wp-block-spacer\"><\/div>\n<\/div><\/div>\n\n\n\n<div class=\"wp-block-columns alignwide tw-mt-4 is-style-twentytwentyone-columns-overlap is-layout-flex wp-container-core-columns-is-layout-d0b3c9c8 wp-block-columns-is-layout-flex\">\n<div class=\"wp-block-column is-layout-flow wp-block-column-is-layout-flow\" style=\"--col-width:66.66%;flex-basis:66.66%\">\n<p class=\"has-white-background-color has-background has-h-3-font-size\" style=\"padding-top:var(--wp--preset--spacing--60);padding-right:var(--wp--preset--spacing--60);padding-bottom:var(--wp--preset--spacing--60);padding-left:var(--wp--preset--spacing--60)\">Loslassen was dir nicht dient und das Selbstwertgef\u00fchl nachhaltig st\u00e4rken \u2013  dein K\u00f6rper wei\u00df, wie es geht&#8230;<\/p>\n<\/div>\n\n\n\n<div class=\"wp-block-column is-layout-flow wp-block-column-is-layout-flow\" style=\"--col-width:33.33%;flex-basis:33.33%\">\n<div style=\"height:100px\" aria-hidden=\"true\" class=\"wp-block-spacer\"><\/div>\n\n\n\n<p class=\"has-yellow-background-color has-background\" style=\"padding-top:var(--wp--preset--spacing--50);padding-right:var(--wp--preset--spacing--50);padding-bottom:var(--wp--preset--spacing--50);padding-left:var(--wp--preset--spacing--50)\">Moin! Ich bin Tilla und ich kann deinen K\u00f6rper fragen, was ihn belastet und dieser Belastung zeigen, wo die T\u00fcr ist. Dabei nutze ich Psycho-Kinesiologie, genauer gesagt eine Kombination aus Kinesiologie und EMDR. <\/p>\n\n\n\n<div style=\"height:30px\" aria-hidden=\"true\" class=\"wp-block-spacer\"><\/div>\n\n\n\n<div class=\"wp-block-buttons is-content-justification-center is-layout-flex wp-container-core-buttons-is-layout-a89b3969 wp-block-buttons-is-layout-flex\">\n<div class=\"wp-block-button\"><a class=\"wp-block-button__link wp-element-button\">KONTAKT AUFNEHMEN<\/a><\/div>\n<\/div>\n<\/div>\n<\/div>\n\n\n\n<div style=\"height:100px\" aria-hidden=\"true\" class=\"wp-block-spacer\"><\/div>\n\n\n\n<details class=\"wp-block-details alignwide has-border-color has-white-border-color has-white-background-color has-background has-large-font-size is-layout-flow wp-block-details-is-layout-flow\" style=\"border-width:20px\"><summary>Was ist ctrl-alt-shift?<\/summary>\n<div style=\"height:50px\" aria-hidden=\"true\" class=\"wp-block-spacer\"><\/div>\n\n\n\n<div class=\"wp-block-columns is-layout-flex wp-container-core-columns-is-layout-d0b3c9c8 wp-block-columns-is-layout-flex\">\n<div class=\"wp-block-column is-layout-flow wp-block-column-is-layout-flow\">\n<div class=\"wp-block-columns is-layout-flex wp-container-core-columns-is-layout-d0b3c9c8 wp-block-columns-is-layout-flex\">\n<div class=\"wp-block-column is-layout-flow wp-block-column-is-layout-flow\">\n<div class=\"wp-block-columns is-layout-flex wp-container-core-columns-is-layout-d0b3c9c8 wp-block-columns-is-layout-flex\">\n<div class=\"wp-block-column is-layout-flow wp-block-column-is-layout-flow\"><div class=\"wp-block-image tw-mt-9\">\n<figure class=\"aligncenter size-full is-resized\"><img loading=\"lazy\" decoding=\"async\" width=\"500\" height=\"283\" src=\"https:\/\/ctrl-alt-shift.com\/wp-content\/uploads\/2024\/02\/Logo_grau.png\" alt=\"\" class=\"wp-image-256\" style=\"width:200px;height:auto\" srcset=\"https:\/\/ctrl-alt-shift.com\/wp-content\/uploads\/2024\/02\/Logo_grau.png 500w, https:\/\/ctrl-alt-shift.com\/wp-content\/uploads\/2024\/02\/Logo_grau-300x170.png 300w\" sizes=\"auto, (max-width: 500px) 100vw, 500px\" \/><\/figure>\n<\/div>\n\n\n<div style=\"height:100px\" aria-hidden=\"true\" class=\"wp-block-spacer\"><\/div>\n<\/div>\n\n\n\n<div class=\"wp-block-column is-layout-flow wp-block-column-is-layout-flow\" style=\"padding-right:var(--wp--preset--spacing--50);padding-left:var(--wp--preset--spacing--50)\">\n<p class=\"has-normal-font-size\">ctrl-alt-shift steht f\u00fcr die Abk\u00fcrzung zu einem gew\u00fcnschten Ergebnis. Eine Abk\u00fcrzung ist meist nicht konventionell. Oft lernt man sie erst aufgrund eines Hinweises von au\u00dfen oder durch selbsterm\u00e4chtigtes Ausprobieren kennen. Daher steht ctrl-alt-shift auch f\u00fcr den Mut, mal etwas Neues auszuprobieren, etwas anders zu machen als sonst.<\/p>\n\n\n\n<p class=\"has-normal-font-size\">Wie f\u00fcr die Nutzer, so auch f\u00fcr mich ist der Name ctrl-alt-shift Programm. Ich ruhe mich nicht auf bisher Bekanntem aus, sondern bilde mich stets weiter fort, um noch effizienter zu L\u00f6sungen zu kommen.<\/p>\n<\/div>\n<\/div>\n<\/div>\n<\/div>\n<\/div>\n<\/div>\n\n\n\n<div style=\"height:100px\" aria-hidden=\"true\" class=\"wp-block-spacer\"><\/div>\n<\/details>\n\n\n\n<details class=\"wp-block-details alignwide has-border-color has-white-border-color has-white-background-color has-background has-large-font-size is-layout-flow wp-block-details-is-layout-flow\" style=\"border-width:20px\"><summary>Was ist das f\u00fcr eine Methode? <\/summary>\n<div style=\"height:50px\" aria-hidden=\"true\" class=\"wp-block-spacer\"><\/div>\n\n\n\n<div class=\"wp-block-columns is-layout-flex wp-container-core-columns-is-layout-d0b3c9c8 wp-block-columns-is-layout-flex\">\n<div class=\"wp-block-column is-layout-flow wp-block-column-is-layout-flow\">\n<div class=\"wp-block-columns is-layout-flex wp-container-core-columns-is-layout-ac821f62 wp-block-columns-is-layout-flex\" style=\"padding-right:var(--wp--preset--spacing--60);padding-left:var(--wp--preset--spacing--60)\">\n<div class=\"wp-block-column is-layout-flow wp-block-column-is-layout-flow\">\n<p class=\"has-normal-font-size\">Durch Psycho-Kinesiologie k\u00f6nnen wir krankmachende Gedanken, Handlungsmuster und Blockaden im Unterbewusstsein ausfindig machen und neutralisieren. <\/p>\n\n\n\n<p class=\"has-normal-font-size\">Die zugrunde liegende Programmierung im Unterbewusstsein wird aufgedeckt und umgeschrieben. \u00dcber die zum damaligen Zeitpunkt abgespeicherte subjektive Auslegung legt sich eine objektive. <\/p>\n\n\n\n<p class=\"has-normal-font-size\">So sind wir anschlie\u00dfend in der Lage, die Situation neu zu bewerten und anstatt aus Reflex nun autark und selbstbestimmt zu reagieren. <\/p>\n<\/div>\n\n\n\n<div class=\"wp-block-column is-layout-flow wp-block-column-is-layout-flow\">\n<p class=\"has-normal-font-size\">Die Wissenschaft sowohl zum Thema Kinesiologie als auch zum Thema EMDR ist in den 80er-Jahren entstanden und speist sich aus den Fachdisziplinen Biophysik, Biochemie, Neurobiologie und Soziobiologie. <\/p>\n\n\n\n<p class=\"has-normal-font-size\">Ein ma\u00dfgeblicher Bestandteil der Methode nennt sich <a href=\"https:\/\/www.connectinglink.de\/\">connecting link\u00ae<\/a> und wurde 2009 vom Gr\u00fcnder Volker Schwarz entwickelt. <\/p>\n\n\n\n<p class=\"has-normal-font-size\">Seit Beginn des Jahres 2024 flie\u00dfen weitere Aspekte der Psycho-Kinesiologie und der neurobiologischen und energetischen Arbeit in die Methodik von ctrl-alt-shift ein. <\/p>\n<\/div>\n<\/div>\n<\/div>\n<\/div>\n\n\n\n<div class=\"wp-block-group alignfull\"><div class=\"wp-block-group__inner-container is-layout-flow wp-block-group-is-layout-flow\">\n<figure class=\"wp-block-image alignwide size-large tw-mb-3\"><img loading=\"lazy\" decoding=\"async\" width=\"1024\" height=\"270\" src=\"https:\/\/ctrl-alt-shift.com\/wp-content\/uploads\/2024\/03\/Komposition-1024x270.png\" alt=\"\" class=\"wp-image-401\" srcset=\"https:\/\/ctrl-alt-shift.com\/wp-content\/uploads\/2024\/03\/Komposition-1024x270.png 1024w, https:\/\/ctrl-alt-shift.com\/wp-content\/uploads\/2024\/03\/Komposition-300x79.png 300w, https:\/\/ctrl-alt-shift.com\/wp-content\/uploads\/2024\/03\/Komposition-768x202.png 768w, https:\/\/ctrl-alt-shift.com\/wp-content\/uploads\/2024\/03\/Komposition-1536x405.png 1536w, https:\/\/ctrl-alt-shift.com\/wp-content\/uploads\/2024\/03\/Komposition-2048x539.png 2048w, https:\/\/ctrl-alt-shift.com\/wp-content\/uploads\/2024\/03\/Komposition-18x5.png 18w, https:\/\/ctrl-alt-shift.com\/wp-content\/uploads\/2024\/03\/Komposition-1568x413.png 1568w\" sizes=\"auto, (max-width: 1024px) 100vw, 1024px\" \/><\/figure>\n<\/div><\/div>\n<\/details>\n\n\n\n<details class=\"wp-block-details alignwide has-border-color has-white-border-color has-white-background-color has-background has-large-font-size is-layout-flow wp-block-details-is-layout-flow\" style=\"border-width:20px\"><summary>Wof\u00fcr ist das gut?<\/summary>\n<div class=\"wp-block-group alignfull\"><div class=\"wp-block-group__inner-container is-layout-flow wp-block-group-is-layout-flow\">\n<h3 class=\"wp-block-heading has-text-align-center has-large-font-size\">Grunds\u00e4tzlich k\u00f6nnen alle Anliegen betrachtet werden, <br>die direkt oder indirekt mit Stress zu tun haben.<\/h3>\n\n\n\n<div style=\"height:50px\" aria-hidden=\"true\" class=\"wp-block-spacer\"><\/div>\n\n\n\n<div class=\"wp-block-columns alignwide is-layout-flex wp-container-core-columns-is-layout-9db1e8a1 wp-block-columns-is-layout-flex\" style=\"border-left-style:none;border-left-width:0px;padding-right:var(--wp--preset--spacing--50);padding-left:var(--wp--preset--spacing--50)\">\n<div class=\"wp-block-column is-layout-flow wp-block-column-is-layout-flow\">\n<h3 class=\"wp-block-heading has-text-align-left has-large-font-size\" style=\"font-style:normal;font-weight:800;text-transform:capitalize\">Psychische Verhaltensmuster<\/h3>\n\n\n\n<p class=\"has-text-align-left has-normal-font-size\">zum Beispiel:<\/p>\n\n\n\n<ul class=\"wp-block-list is-style-tw-arrow\">\n<li class=\"has-normal-font-size\">Mangel an Selbstwertgef\u00fchl<\/li>\n\n\n\n<li class=\"has-normal-font-size\">\u00c4ngste und Phobien<\/li>\n\n\n\n<li class=\"has-normal-font-size\">Impulsives und aggressives Verhalten<\/li>\n\n\n\n<li class=\"has-normal-font-size\">Zukunfts\u00e4ngste<\/li>\n\n\n\n<li class=\"has-normal-font-size\">Unsicherheit in Alltagssituationen<\/li>\n\n\n\n<li class=\"has-normal-font-size\">\u00dcberforderung<\/li>\n\n\n\n<li class=\"has-normal-font-size\">Posttraumatische Belastung<\/li>\n\n\n\n<li class=\"has-normal-font-size\">Depression, Burn-Out<\/li>\n\n\n\n<li class=\"has-normal-font-size\">Perfektionismus<\/li>\n\n\n\n<li class=\"has-normal-font-size\">Prokrastination<\/li>\n\n\n\n<li class=\"has-normal-font-size\">Suchtverhalten <\/li>\n<\/ul>\n<\/div>\n\n\n\n<div class=\"wp-block-column is-layout-flow wp-block-column-is-layout-flow\">\n<h3 class=\"wp-block-heading has-large-font-size\" style=\"font-style:normal;font-weight:700\">Negative <br>Glaubenss\u00e4tze<\/h3>\n\n\n\n<p class=\"has-normal-font-size\">zum Beispiel:<\/p>\n\n\n\n<ul class=\"wp-block-list is-style-tw-arrow\">\n<li class=\"has-normal-font-size\">&#8222;Ich bin nicht gut genug&#8220;<\/li>\n\n\n\n<li class=\"has-normal-font-size\">&#8222;Ich bin nicht liebenswert&#8220;<\/li>\n\n\n\n<li class=\"has-normal-font-size\">&#8222;Ich bin machtlos&#8220;<\/li>\n\n\n\n<li class=\"has-normal-font-size\">&#8222;Ich kann nichts&#8220;<\/li>\n\n\n\n<li class=\"has-normal-font-size\">&#8222;Ich bin allein&#8220;<\/li>\n\n\n\n<li class=\"has-normal-font-size\">&#8222;Ich bin schlecht&#8220;<\/li>\n\n\n\n<li class=\"has-normal-font-size\">&#8222;Ich bin schuldig&#8220;<\/li>\n\n\n\n<li class=\"has-normal-font-size\">&#8222;Ich bin dumm&#8220;<\/li>\n\n\n\n<li class=\"has-normal-font-size\">&#8222;Ich bin nicht wichtig&#8220;<\/li>\n\n\n\n<li class=\"has-normal-font-size\">&#8222;Mit mir stimmt etwas nicht&#8220;<\/li>\n\n\n\n<li class=\"has-normal-font-size\">&#8222;Nie bekomme ich, was ich will&#8220;<\/li>\n<\/ul>\n<\/div>\n\n\n\n<div class=\"wp-block-column is-layout-flow wp-block-column-is-layout-flow\">\n<h3 class=\"wp-block-heading has-large-font-size\" style=\"font-style:normal;font-weight:700\">Psychosomatische Symptome<\/h3>\n\n\n\n<p class=\"has-normal-font-size\">zum Beispiel:<\/p>\n\n\n\n<ul class=\"wp-block-list is-style-tw-arrow\">\n<li class=\"has-normal-font-size\">Herzrasen<\/li>\n\n\n\n<li class=\"has-normal-font-size\">Panikattacken<\/li>\n\n\n\n<li class=\"has-normal-font-size\">Schlafst\u00f6rungen<\/li>\n\n\n\n<li class=\"has-normal-font-size\">Tinnitus<\/li>\n\n\n\n<li class=\"has-normal-font-size\">Schwindel<\/li>\n\n\n\n<li class=\"has-normal-font-size\">Abgeschlagenheit<\/li>\n\n\n\n<li class=\"has-normal-font-size\">Spannungszust\u00e4nde<\/li>\n\n\n\n<li class=\"has-normal-font-size\">Chronische Krankheiten<\/li>\n\n\n\n<li class=\"has-normal-font-size\">Chronische Schmerzen<\/li>\n\n\n\n<li class=\"has-normal-font-size\">St\u00f6rungen der Verdauung<\/li>\n\n\n\n<li class=\"has-normal-font-size\">Allergien und Unvertr\u00e4glichkeiten <\/li>\n<\/ul>\n<\/div>\n<\/div>\n<\/div><\/div>\n\n\n\n<p class=\"has-text-align-center\">Dein Anliegen ist hier nicht aufgelistet?<\/p>\n\n\n\n<div class=\"wp-block-buttons is-content-justification-center is-layout-flex wp-container-core-buttons-is-layout-a89b3969 wp-block-buttons-is-layout-flex\">\n<div class=\"wp-block-button\"><a class=\"wp-block-button__link has-text-align-center wp-element-button\" href=\"mailto:aim@ctrl-alt-shift.com\" rel=\"\">FRAG UNVERBINDLICH NACH<\/a><\/div>\n<\/div>\n\n\n\n<div style=\"height:100px\" aria-hidden=\"true\" class=\"wp-block-spacer\"><\/div>\n<\/details>\n\n\n\n<details class=\"wp-block-details alignwide has-border-color has-white-border-color has-white-background-color has-background has-link-color has-large-font-size wp-elements-01d0abcf2b5ca787dbb30b84eea13259 is-layout-flow wp-block-details-is-layout-flow\" style=\"border-width:20px\"><summary>Wie funktioniert es genau?<\/summary>\n<div class=\"wp-block-columns is-layout-flex wp-container-core-columns-is-layout-d0b3c9c8 wp-block-columns-is-layout-flex\">\n<div class=\"wp-block-column is-layout-flow wp-block-column-is-layout-flow\">\n<div style=\"height:10px\" aria-hidden=\"true\" class=\"wp-block-spacer\"><\/div>\n\n\n\n<div class=\"wp-block-group alignfull\"><div class=\"wp-block-group__inner-container is-layout-flow wp-block-group-is-layout-flow\">\n<h2 class=\"wp-block-heading has-text-align-center has-large-font-size\">Die Methode setzt sich aus zwei Hauptkomponenten zusammen: <\/h2>\n\n\n\n<div class=\"wp-block-columns has-text-align-center tw-gutter-large is-layout-flex wp-container-core-columns-is-layout-d0b3c9c8 wp-block-columns-is-layout-flex\">\n<div class=\"wp-block-column is-layout-flow wp-block-column-is-layout-flow\"><div class=\"wp-block-image\">\n<figure class=\"aligncenter size-full is-resized\"><img loading=\"lazy\" decoding=\"async\" width=\"900\" height=\"900\" src=\"https:\/\/ctrl-alt-shift.com\/wp-content\/uploads\/2024\/01\/Icon_Muskeltest-2.png\" alt=\"\" class=\"wp-image-138\" style=\"width:300px\" srcset=\"https:\/\/ctrl-alt-shift.com\/wp-content\/uploads\/2024\/01\/Icon_Muskeltest-2.png 900w, https:\/\/ctrl-alt-shift.com\/wp-content\/uploads\/2024\/01\/Icon_Muskeltest-2-300x300.png 300w, https:\/\/ctrl-alt-shift.com\/wp-content\/uploads\/2024\/01\/Icon_Muskeltest-2-150x150.png 150w, https:\/\/ctrl-alt-shift.com\/wp-content\/uploads\/2024\/01\/Icon_Muskeltest-2-768x768.png 768w\" sizes=\"auto, (max-width: 900px) 100vw, 900px\" \/><\/figure>\n<\/div>\n\n\n<h3 class=\"wp-block-heading has-large-font-size\">Kinesiologischer Muskeltest<br>(an der Hand)<\/h3>\n\n\n\n<p class=\"has-normal-font-size\">Nutzt Abfall der K\u00f6rperspannung in Stresssituationen (HHN-Achse)<\/p>\n\n\n\n<p class=\"has-normal-font-size\">Definiert die vorliegende St\u00f6rung<\/p>\n\n\n\n<p class=\"has-normal-font-size\">Lokalisiert den urspr\u00fcnglichen Konflikt in der Vergangenheit <\/p>\n<\/div>\n\n\n\n<div class=\"wp-block-column is-layout-flow wp-block-column-is-layout-flow\"><div class=\"wp-block-image\">\n<figure class=\"aligncenter size-full is-resized\"><img loading=\"lazy\" decoding=\"async\" width=\"882\" height=\"882\" src=\"https:\/\/ctrl-alt-shift.com\/wp-content\/uploads\/2024\/01\/Icon_EMDR.png\" alt=\"\" class=\"wp-image-139\" style=\"width:300px\" srcset=\"https:\/\/ctrl-alt-shift.com\/wp-content\/uploads\/2024\/01\/Icon_EMDR.png 882w, https:\/\/ctrl-alt-shift.com\/wp-content\/uploads\/2024\/01\/Icon_EMDR-300x300.png 300w, https:\/\/ctrl-alt-shift.com\/wp-content\/uploads\/2024\/01\/Icon_EMDR-150x150.png 150w, https:\/\/ctrl-alt-shift.com\/wp-content\/uploads\/2024\/01\/Icon_EMDR-768x768.png 768w\" sizes=\"auto, (max-width: 882px) 100vw, 882px\" \/><\/figure>\n<\/div>\n\n\n<h3 class=\"wp-block-heading has-large-font-size\">Augenbewegung <br>(EMDR)<\/h3>\n\n\n\n<p class=\"has-normal-font-size\">Imitiert die nat\u00fcrliche REM-Phase, <br>die wir jede Nacht mehrmals vollziehen<\/p>\n\n\n\n<p class=\"has-normal-font-size\">Vagusnerv wird aktiviert<\/p>\n\n\n\n<p class=\"has-normal-font-size\">Neuronale Verbindungen und die damit verbundenen Kausalit\u00e4ten zur Emotion werden entkoppelt<\/p>\n<\/div>\n<\/div>\n<\/div><\/div>\n\n\n\n<div class=\"wp-block-columns is-layout-flex wp-container-core-columns-is-layout-9db1e8a1 wp-block-columns-is-layout-flex\" style=\"padding-right:var(--wp--preset--spacing--50);padding-left:var(--wp--preset--spacing--50)\">\n<div class=\"wp-block-column is-layout-flow wp-block-column-is-layout-flow\">\n<p class=\"has-text-align-center has-large-font-size\">Im Anschluss findet eine Neubewertung der Situation statt. <br>\u00dcber die urspr\u00fcnglich angelegte subjektive Wahrnehmung legt sich eine objektive. <br>Die Situation wird neu bewertet und neutraler interpretiert. <br>Die mit der Emotion verbundenen K\u00f6rperreaktionen beruhigen sich. <\/p>\n<\/div>\n<\/div>\n\n\n\n<div style=\"height:30px\" aria-hidden=\"true\" class=\"wp-block-spacer\"><\/div>\n<\/div>\n<\/div>\n<\/details>\n\n\n\n<details class=\"wp-block-details alignwide has-border-color has-white-border-color has-white-background-color has-background has-large-font-size is-layout-flow wp-block-details-is-layout-flow\" style=\"border-width:20px\"><summary>Welche Vorteile ergeben sich?<\/summary>\n<div class=\"wp-block-columns is-layout-flex wp-container-core-columns-is-layout-d0b3c9c8 wp-block-columns-is-layout-flex\">\n<div class=\"wp-block-column is-layout-flow wp-block-column-is-layout-flow\">\n<div style=\"height:5px\" aria-hidden=\"true\" class=\"wp-block-spacer\"><\/div>\n\n\n\n<div class=\"wp-block-group alignfull\" style=\"padding-right:var(--wp--preset--spacing--60);padding-left:var(--wp--preset--spacing--60)\"><div class=\"wp-block-group__inner-container is-layout-flow wp-block-group-is-layout-flow\">\n<h3 class=\"wp-block-heading\">Welche Vorteile ergeben sich f\u00fcr dich?<\/h3>\n\n\n\n<div class=\"wp-block-columns is-layout-flex wp-container-core-columns-is-layout-d0b3c9c8 wp-block-columns-is-layout-flex\">\n<div class=\"wp-block-column is-layout-flow wp-block-column-is-layout-flow\">\n<ul class=\"wp-block-list\">\n<li class=\"has-normal-font-size\">Es ist \u00e4u\u00dferst effizient, eine Sitzung dauert in etwa eine Stunde, je nachdem, wie gespr\u00e4chig dein K\u00f6rper ist. <\/li>\n\n\n\n<li class=\"has-normal-font-size\">Du wirst etwas \u00fcber den Ursprung deines derzeitigen Themas lernen, den du so noch nicht kanntest. <\/li>\n\n\n\n<li class=\"has-normal-font-size\">Du wirst dich hinterher physisch entspannter f\u00fchlen. In der Regel tritt eine deutliche Erleichterung bez\u00fcglich deines Themas ein. <\/li>\n\n\n\n<li class=\"has-normal-font-size\">Du musst nichts von dem verstehen, was passiert, der Kopf hat Pause, und nach der Sitzung ist die Arbeit getan.<\/li>\n\n\n\n<li class=\"has-normal-font-size\">Es gibt keine M\u00f6glichkeit meinerseits zu manipulieren. Ich kann nur mit dem arbeiten, was dein K\u00f6rper freigibt.<\/li>\n\n\n\n<li class=\"has-normal-font-size\">Du wirst erfahren, dass dein K\u00f6rper unheimlich schlau ist und tats\u00e4chlich das letzte Wort hat beim Loslassen von Traumata, nicht der Kopf. Dabei verpackt er die zu bearbeitenden Themen handlich und effizient und schickt sie zuverl\u00e4ssig raus. <\/li>\n\n\n\n<li class=\"has-normal-font-size\">Du kannst dich darauf verlassen, dass dein K\u00f6rper dich liebt und f\u00fcr dich arbeitet. Er kann dich nicht \u00fcberfordern, denn dann w\u00e4re es ja wieder Stress. Wenn du Angst hast, auf ein bestimmtes Trauma zu schauen, wird dein K\u00f6rper uns dort h\u00f6chstwahrscheinlich auch nicht hinf\u00fchren. <\/li>\n\n\n\n<li class=\"has-normal-font-size\">Es wird nur minimal invasiv, ich ber\u00fchre lediglich deine Hand und wir sitzen zusammen. <\/li>\n\n\n\n<li class=\"has-normal-font-size\">Du bist die ganze Zeit pr\u00e4sent und arbeitest mit. Es ist kein hypnotischer Zustand. <\/li>\n<\/ul>\n<\/div>\n<\/div>\n<\/div><\/div>\n\n\n\n<div style=\"height:50px\" aria-hidden=\"true\" class=\"wp-block-spacer\"><\/div>\n<\/div>\n<\/div>\n<\/details>\n\n\n\n<details class=\"wp-block-details alignwide has-border-color has-white-border-color has-white-background-color has-background has-large-font-size is-layout-flow wp-block-details-is-layout-flow\" style=\"border-width:20px\"><summary>Wer f\u00fchrt die Methode aus?<\/summary>\n<div class=\"wp-block-columns is-layout-flex wp-container-core-columns-is-layout-d0b3c9c8 wp-block-columns-is-layout-flex\">\n<div class=\"wp-block-column is-layout-flow wp-block-column-is-layout-flow\">\n<div style=\"height:20px\" aria-hidden=\"true\" class=\"wp-block-spacer\"><\/div>\n\n\n\n<div class=\"wp-block-group alignfull\" style=\"padding-right:var(--wp--preset--spacing--60);padding-left:var(--wp--preset--spacing--60)\"><div class=\"wp-block-group__inner-container is-layout-flow wp-block-group-is-layout-flow\">\n<div class=\"wp-block-media-text alignwide is-stacked-on-mobile is-style-tw-overlap has-subtle-background-color has-background\" style=\"grid-template-columns:56% auto\"><figure class=\"wp-block-media-text__media\"><img loading=\"lazy\" decoding=\"async\" width=\"743\" height=\"1024\" src=\"https:\/\/ctrl-alt-shift.com\/wp-content\/uploads\/2024\/03\/Tilla_Portrait-743x1024.jpg\" alt=\"\" class=\"wp-image-333 size-full\" srcset=\"https:\/\/ctrl-alt-shift.com\/wp-content\/uploads\/2024\/03\/Tilla_Portrait-743x1024.jpg 743w, https:\/\/ctrl-alt-shift.com\/wp-content\/uploads\/2024\/03\/Tilla_Portrait-218x300.jpg 218w, https:\/\/ctrl-alt-shift.com\/wp-content\/uploads\/2024\/03\/Tilla_Portrait-768x1058.jpg 768w, https:\/\/ctrl-alt-shift.com\/wp-content\/uploads\/2024\/03\/Tilla_Portrait-9x12.jpg 9w, https:\/\/ctrl-alt-shift.com\/wp-content\/uploads\/2024\/03\/Tilla_Portrait.jpg 1068w\" sizes=\"auto, (max-width: 743px) 100vw, 743px\" \/><\/figure><div class=\"wp-block-media-text__content\">\n<h2 class=\"wp-block-heading has-large-font-size\">Moin!<\/h2>\n\n\n\n<p class=\"has-normal-font-size\">Ich bin Tilla, Tr\u00e4umende, Reisende und Kundschafterin \u00e4u\u00dferer ferner und innerer tiefer Welten. Dabei stelle ich mich unter keine Flagge au\u00dfer der wei\u00dfen und mache alles gerne auf meine eigene Art \u2013 dabei den Kopf voller Flausen und das Herz nach oben verbunden. <\/p>\n<\/div><\/div>\n<\/div><\/div>\n\n\n\n<div style=\"height:20px\" aria-hidden=\"true\" class=\"wp-block-spacer\"><\/div>\n\n\n\n<div class=\"wp-block-columns is-layout-flex wp-container-core-columns-is-layout-ac821f62 wp-block-columns-is-layout-flex\" style=\"padding-right:var(--wp--preset--spacing--60);padding-left:var(--wp--preset--spacing--60)\">\n<div class=\"wp-block-column is-layout-flow wp-block-column-is-layout-flow\">\n<p class=\"has-normal-font-size\">Ende 2019 betrat eine tiefere Sinnkrise meine Lebensb\u00fchne, und obwohl ich erst meine Zweifel hatte, lie\u00df ich mich schlussendlich auf Empfehlung aus dem Freundeskreis auf eine connecting-link\u00ae-Sitzung ein. Das Ergebnis war erstaunlich: Ich verlie\u00df den Termin mit gef\u00fchlt 5 kg weniger auf den Schultern, ohne genau verstanden zu haben was passiert war. Die Probleme, die vorher so pr\u00e4sent waren, l\u00f6sten in mir nur ein geringsch\u00e4tzendes Achselzucken aus.<\/p>\n\n\n\n<p class=\"has-normal-font-size\">Seitdem und durch die gesamte Corona-Zeit hindurch nutzte ich connecting link\u00ae immer wieder im Abstand von ca. 2 bis 3 Monaten, schlichtweg immer, wenn es mir schlecht ging und ich Bedarf nach einer Erleichterung sp\u00fcrte. <\/p>\n\n\n\n<p class=\"has-normal-font-size\">Irgendwann packte mich der Wunsch, diese Methode auch zu beherrschen, also begann ich 2022 die Ausbildung zum connecting-link\u00ae-Coach. Seit Anfang 2024 bilde ich mich weiter fort und setze alles Gelernte individuell bei meinen Sitzungen ein.<\/p>\n<\/div>\n\n\n\n<div class=\"wp-block-column is-layout-flow wp-block-column-is-layout-flow\">\n<p class=\"has-normal-font-size\">Was mich an der Methode fasziniert, ist, dass ich nichts vermittele, mit mir hat es n\u00e4mlich gar nichts zu tun. Genau wie alle anderen Menschen paddele ich in meiner Walnussschale \u00fcber den Ozean und versuche mein Bestes. Ich wei\u00df auch nichts \u00fcber das Leben, vor allem nicht \u00fcber deins. Was ich aber tun kann, ist, deinen K\u00f6rper zu fragen, was er zu deinem Thema zu sagen hat. <\/p>\n\n\n\n<p class=\"has-normal-font-size\">Seitdem ich Psycho-Kinesiologie kenne und auch weiterhin in Anspruch nehme, mache ich mir viel weniger Gedanken \u00fcber das, was im Au\u00dfen geschieht und zerdenke Probleme nicht mehr, so wie fr\u00fcher. Ich bin seitdem viel ruhiger, ausgeglichener und habe mehr Selbstvertrauen und viel viel viel mehr Freude am Leben. <\/p>\n<\/div>\n<\/div>\n\n\n\n<div style=\"height:100px\" aria-hidden=\"true\" class=\"wp-block-spacer\"><\/div>\n<\/div>\n<\/div>\n<\/details>\n\n\n\n<details class=\"wp-block-details alignwide has-border-color has-white-border-color has-white-background-color has-background has-large-font-size is-layout-flow wp-block-details-is-layout-flow\" style=\"border-width:20px\"><summary>Was kostet eine Sitzung?<\/summary>\n<div style=\"height:20px\" aria-hidden=\"true\" class=\"wp-block-spacer\"><\/div>\n\n\n\n<div class=\"wp-block-columns is-layout-flex wp-container-core-columns-is-layout-d0b3c9c8 wp-block-columns-is-layout-flex\">\n<div class=\"wp-block-column is-layout-flow wp-block-column-is-layout-flow\">\n<div class=\"wp-block-group alignfull\"><div class=\"wp-block-group__inner-container is-layout-flow wp-block-group-is-layout-flow\">\n<h2 class=\"wp-block-heading has-text-align-center has-h-3-font-size\">Einheitspreis pro Sitzung<\/h2>\n\n\n\n<p class=\"has-text-align-center has-normal-font-size\">Jede Sitzung dauert so lange, wie dein K\u00f6rper sprechen m\u00f6chte. <br>Erfahrungsgem\u00e4\u00df etwas zwischen 45 und 75 Minuten. <\/p>\n\n\n\n<div style=\"height:20px\" aria-hidden=\"true\" class=\"wp-block-spacer\"><\/div>\n\n\n\n<div class=\"wp-block-columns are-vertically-aligned-center has-text-align-center tw-cols-card tw-cols-card-shadow is-layout-flex wp-container-core-columns-is-layout-d0b3c9c8 wp-block-columns-is-layout-flex\">\n<div class=\"wp-block-column is-vertically-aligned-center is-layout-flow wp-block-column-is-layout-flow\">\n<h3 class=\"wp-block-heading tw-mb-2 has-medium-font-size\">Pay-What-You-Can-Prinzip<\/h3>\n\n\n\n<p class=\"tw-mb-4\" style=\"font-size:42px;line-height:1.2\">EUR<strong> 100-150<\/strong><\/p>\n\n\n\n<ul class=\"wp-block-list is-style-tw-no-bullet tw-list-spacing-medium\">\n<li class=\"has-normal-font-size\">Du entscheidest, wieviel du geben kannst und willst,<\/li>\n\n\n\n<li class=\"has-normal-font-size\">jeder Betrag innerhalb dieses Rahmens ist f\u00fcr mich in Ordnung<\/li>\n\n\n\n<li class=\"has-normal-font-size\">und steht nicht stellvertretend f\u00fcr deine Bewertung. <br><br>F\u00fcr Sozialhilfe-Empf\u00e4nger, Studenten, Rentner <br>und Geringverdiener aller Art <br>ist ein Rabatt m\u00f6glich.<\/li>\n<\/ul>\n\n\n\n<div class=\"wp-block-buttons tw-mt-5 is-content-justification-center is-layout-flex wp-container-core-buttons-is-layout-a89b3969 wp-block-buttons-is-layout-flex\">\n<div class=\"wp-block-button\"><a class=\"wp-block-button__link wp-element-button\" href=\"mailto:aim@ctrl-alt-shift.com\" rel=\"\">jetzt buchen<\/a><\/div>\n<\/div>\n<\/div>\n<\/div>\n<\/div><\/div>\n<\/div>\n<\/div>\n\n\n\n<div style=\"height:20px\" aria-hidden=\"true\" class=\"wp-block-spacer\"><\/div>\n<\/details>\n\n\n\n<details class=\"wp-block-details alignwide has-border-color has-white-border-color has-white-background-color has-background has-large-font-size is-layout-flow wp-block-details-is-layout-flow\" style=\"border-width:20px\"><summary>Was sagen andere?<\/summary>\n<div class=\"wp-block-columns is-layout-flex wp-container-core-columns-is-layout-d0b3c9c8 wp-block-columns-is-layout-flex\">\n<div class=\"wp-block-column is-layout-flow wp-block-column-is-layout-flow\" style=\"padding-right:var(--wp--preset--spacing--70);padding-left:var(--wp--preset--spacing--70)\">\n<div style=\"height:20px\" aria-hidden=\"true\" class=\"wp-block-spacer\"><\/div>\n\n\n\n<div class=\"wp-block-group alignfull\" style=\"padding-right:var(--wp--preset--spacing--60);padding-left:var(--wp--preset--spacing--60)\"><div class=\"wp-block-group__inner-container is-layout-flow wp-block-group-is-layout-flow\">\n<div class=\"wp-block-columns alignwide tw-cols-stack-sm is-layout-flex wp-container-core-columns-is-layout-d0b3c9c8 wp-block-columns-is-layout-flex\">\n<div class=\"wp-block-column is-layout-flow wp-block-column-is-layout-flow\">\n<blockquote class=\"wp-block-quote is-layout-flow wp-block-quote-is-layout-flow\">\n<p class=\"has-small-font-size\">Ich habe Tilla als warmherzigen und offenen Coach erlebt, die zielsicher Blockaden aufdeckt und behandelt. Ich f\u00fchle mich bei ihr gut aufgehoben, alles hat hier Raum. Danke!<\/p>\n<cite>Holger, 44<\/cite><\/blockquote>\n<\/div>\n\n\n\n<div class=\"wp-block-column is-layout-flow wp-block-column-is-layout-flow\">\n<blockquote class=\"wp-block-quote is-layout-flow wp-block-quote-is-layout-flow\">\n<p class=\"has-small-font-size\">W\u00e4hrend meiner Schwangerschaft konnte ich mit Tillas Hilfe unendlich viele Themen zu meiner eigenen Geburt sowie zu der Beziehung zu meiner Tochter und zu meinen Eltern aufl\u00f6sen. Tilla hat wahrscheinlich den gr\u00f6\u00dften Teil zu meiner inneren Befreiung beigetragen und ich bin ihr unendlich dankbar f\u00fcr ihre tolle, einf\u00fchlsame und starke Arbeit und Art.<\/p>\n<cite>Kathi, 29<\/cite><\/blockquote>\n<\/div>\n<\/div>\n\n\n\n<div class=\"wp-block-columns alignwide tw-cols-stack-sm is-layout-flex wp-container-core-columns-is-layout-d0b3c9c8 wp-block-columns-is-layout-flex\">\n<div class=\"wp-block-column is-layout-flow wp-block-column-is-layout-flow\">\n<blockquote class=\"wp-block-quote is-layout-flow wp-block-quote-is-layout-flow\">\n<p class=\"has-small-font-size\">Ich habe Tilla zuf\u00e4llig auf einem Festival getroffen und habe connecting link\u00ae spontan ausprobiert. Es war so beeindruckend, dass ich direkt am n\u00e4chsten Tag noch einmal da war.<\/p>\n<cite>Jan, 47<\/cite><\/blockquote>\n<\/div>\n\n\n\n<div class=\"wp-block-column is-layout-flow wp-block-column-is-layout-flow\">\n<blockquote class=\"wp-block-quote is-layout-flow wp-block-quote-is-layout-flow\">\n<p class=\"has-small-font-size\">Eine Session bei Tilla tut einfach richtig gut. Zugewandt, ruhig und pr\u00e4sent leitet sie mich durch den Prozess. Dabei f\u00fchle ich mich menschlich und professionell so gut aufgehoben, dass ich mich gut auf mich selbst konzentrieren kann. connecting link\u00ae ist eine wahnsinnig hilfreiche Methode. Nach jeder Session f\u00fchle ich mich leichter und sehr viel ruhiger. <\/p>\n<cite>Lena, 39<\/cite><\/blockquote>\n<\/div>\n<\/div>\n\n\n\n<div class=\"wp-block-columns alignwide tw-cols-stack-sm is-layout-flex wp-container-core-columns-is-layout-d0b3c9c8 wp-block-columns-is-layout-flex\">\n<div class=\"wp-block-column is-layout-flow wp-block-column-is-layout-flow\">\n<blockquote class=\"wp-block-quote is-layout-flow wp-block-quote-is-layout-flow\">\n<p class=\"has-small-font-size\">Als ich meinen ersten Termin bei Tilla hatte, hatte ich noch keinerlei Erfahrungen mit dieser Methode. Bevor es losging, kl\u00e4rte sie mich auf sehr freundliche und professionelle Art dar\u00fcber auf, sodass ich mich gut darauf einlassen konnte. Erstaunlich war: Schon bei der ersten Sitzung konnte ich mit ihrer Hilfe f\u00fcr mich sehr gro\u00dfe Themen l\u00f6sen.<\/p>\n<cite>Johann, 30<\/cite><\/blockquote>\n<\/div>\n\n\n\n<div class=\"wp-block-column is-layout-flow wp-block-column-is-layout-flow\">\n<blockquote class=\"wp-block-quote is-layout-flow wp-block-quote-is-layout-flow\">\n<p class=\"has-small-font-size\">Tilla arbeitet als Coach sehr einf\u00fchlsam, sie schafft sofort eine entspannte und intime Atmosph\u00e4re. Dabei f\u00e4llt es leicht, sich ihr zu \u00f6ffnen und gemeinsam neue Zusammenh\u00e4nge zu entdecken. Ich habe mich jeden Moment sehr wohl und nach der Sitzung geerdet und ruhig gef\u00fchlt.<\/p>\n<cite>Patrick, 39<\/cite><\/blockquote>\n<\/div>\n<\/div>\n\n\n\n<div class=\"wp-block-columns alignwide tw-cols-stack-sm is-layout-flex wp-container-core-columns-is-layout-d0b3c9c8 wp-block-columns-is-layout-flex\">\n<div class=\"wp-block-column is-layout-flow wp-block-column-is-layout-flow\">\n<blockquote class=\"wp-block-quote is-layout-flow wp-block-quote-is-layout-flow\">\n<p class=\"has-small-font-size\">Die Sitzungen bei Tilla haben mir dabei geholfen, mein Leben aus einer ganz neuen Perspektive zu betrachten \u2013 Atmen f\u00e4llt mir leichter und ich freue mich wieder mehr auf neue Kontakte. Dank ihr und connecting link\u00ae f\u00fchle ich mich wie ein anderer Mensch. Daf\u00fcr tausend Mal DANKE!<\/p>\n<cite>Folke, 27<\/cite><\/blockquote>\n<\/div>\n\n\n\n<div class=\"wp-block-column is-layout-flow wp-block-column-is-layout-flow\">\n<blockquote class=\"wp-block-quote is-layout-flow wp-block-quote-is-layout-flow\">\n<p class=\"has-small-font-size\">Tilla ist zugewandt und h\u00f6rt gut zu. Man f\u00fchlt, dass es ihr echte Freude bereitet, einem zu helfen. Die Behandlung hat mir geholfen, Traumata aufzudecken und aufzul\u00f6sen. Vielen Dank!<\/p>\n<cite>Sarah, 43<\/cite><\/blockquote>\n<\/div>\n<\/div>\n<\/div><\/div>\n\n\n\n<div style=\"height:20px\" aria-hidden=\"true\" class=\"wp-block-spacer\"><\/div>\n<\/div>\n<\/div>\n<\/details>\n\n\n\n<details class=\"wp-block-details alignwide has-border-color has-white-border-color has-white-background-color has-background has-large-font-size is-layout-flow wp-block-details-is-layout-flow\" style=\"border-width:20px\"><summary>Wo kann man ctrl-alt-shift in Anspruch nehmen?<\/summary>\n<div class=\"wp-block-columns is-layout-flex wp-container-core-columns-is-layout-d0b3c9c8 wp-block-columns-is-layout-flex\">\n<div class=\"wp-block-column is-layout-flow wp-block-column-is-layout-flow\" style=\"padding-right:var(--wp--preset--spacing--80);padding-left:var(--wp--preset--spacing--80)\">\n<div class=\"wp-block-group alignfull\"><div class=\"wp-block-group__inner-container is-layout-flow wp-block-group-is-layout-flow\">\n<div class=\"wp-block-columns alignwide are-vertically-aligned-center tw-cols-stack-md tw-gutter-large is-layout-flex wp-container-core-columns-is-layout-d0b3c9c8 wp-block-columns-is-layout-flex\">\n<div class=\"wp-block-column is-vertically-aligned-center is-layout-flow wp-block-column-is-layout-flow\">\n<p>Du findest mich <br>in der <a href=\"https:\/\/massagebox-linden.de\/\">Massage Box Linden<\/a><br>auf dem <a href=\"https:\/\/platzprojekt.de\/\">Platzprojekt<\/a> in Hannover.<\/p>\n<\/div>\n\n\n\n<div class=\"wp-block-column is-vertically-aligned-center is-layout-flow wp-block-column-is-layout-flow\">\n<div class=\"wp-block-group has-white-background-color has-background tw-shadow\"><div class=\"wp-block-group__inner-container is-layout-flow wp-block-group-is-layout-flow\">\n<h3 class=\"wp-block-heading tw-mb-2 has-normal-font-size\" style=\"font-style:normal;font-weight:800\">Addresse<\/h3>\n\n\n\n<p>Platzprojekt e.V.<br>Massage Box<br>F\u00f6ssetra\u00dfe 103<br>30453 Hannover<\/p>\n\n\n\n<h3 class=\"wp-block-heading tw-mb-2 has-normal-font-size\" style=\"font-style:normal;font-weight:800\">Telefon<\/h3>\n\n\n\n<p>+49 177 3293991<br>(nur WhatsApp)<\/p>\n\n\n\n<h3 class=\"wp-block-heading tw-mb-2 has-normal-font-size\" style=\"font-style:normal;font-weight:800\">Email<\/h3>\n\n\n\n<p class=\"tw-link-hover-underline\"><a href=\"mailto:aim@ctrl-alt-shift.com\">aim@ctrl-alt-shift.com<\/a><\/p>\n<\/div><\/div>\n<\/div>\n<\/div>\n<\/div><\/div>\n\n\n\n<p class=\"has-text-align-center has-large-font-size\">Au\u00dferdem bin seit 2024 auf einigen Festivals mit spirituellem oder heilenden Kontext und schaffe einen Healing Space.<\/p>\n\n\n\n<p class=\"has-text-align-center has-large-font-size\">N\u00e4chster Termin:<\/p>\n\n\n\n<p class=\"has-text-align-center has-large-font-size\">New Healing Festival <br>(11.-18.08.2025 \u2013 K\u00fcmmernitztal, Deutschland)<br><\/p>\n\n\n\n<div style=\"height:50px\" aria-hidden=\"true\" class=\"wp-block-spacer\"><\/div>\n<\/div>\n<\/div>\n<\/details>\n\n\n\n<div class=\"wp-block-group alignfull has-transparent-background-color has-background\" style=\"padding-top:60px\"><div class=\"wp-block-group__inner-container is-layout-flow wp-block-group-is-layout-flow\">\n<h2 class=\"wp-block-heading has-text-align-center\">Sch\u00f6n, dass du da bist!<\/h2>\n\n\n\n<p class=\"has-text-align-center has-medium-font-size\">Kann ich dir noch weitere Fragen beantworten?<\/p>\n\n\n\n<div class=\"wp-block-buttons is-horizontal is-content-justification-center is-layout-flex wp-container-core-buttons-is-layout-03627597 wp-block-buttons-is-layout-flex\">\n<div class=\"wp-block-button\"><a class=\"wp-block-button__link wp-element-button\" href=\"mailto:aim@ctrl-alt-shift.com\" rel=\"\">SCHREIB MIR<\/a><\/div>\n<\/div>\n<\/div><\/div>\n","protected":false},"excerpt":{"rendered":"<p>Loslassen was dir nicht dient und das Selbstwertgef\u00fchl nachhaltig st\u00e4rken \u2013 dein K\u00f6rper wei\u00df, wie es geht&#8230; Moin! Ich bin Tilla und ich kann deinen K\u00f6rper fragen, was ihn belastet und dieser Belastung zeigen, wo die T\u00fcr ist. Dabei nutze ich Psycho-Kinesiologie, genauer gesagt eine Kombination aus Kinesiologie und EMDR. Sch\u00f6n, dass du da bist!&hellip; <a class=\"more-link\" href=\"https:\/\/ctrl-alt-shift.com\/de\/\"><span class=\"screen-reader-text\">HOME<\/span> weiterlesen<\/a><\/p>\n","protected":false},"author":1,"featured_media":342,"parent":0,"menu_order":0,"comment_status":"closed","ping_status":"closed","template":"tw-header-transparent-light.php","meta":{"footnotes":""},"class_list":["post-9","page","type-page","status-publish","has-post-thumbnail","hentry","entry"],"_links":{"self":[{"href":"https:\/\/ctrl-alt-shift.com\/de\/wp-json\/wp\/v2\/pages\/9","targetHints":{"allow":["GET"]}}],"collection":[{"href":"https:\/\/ctrl-alt-shift.com\/de\/wp-json\/wp\/v2\/pages"}],"about":[{"href":"https:\/\/ctrl-alt-shift.com\/de\/wp-json\/wp\/v2\/types\/page"}],"author":[{"embeddable":true,"href":"https:\/\/ctrl-alt-shift.com\/de\/wp-json\/wp\/v2\/users\/1"}],"replies":[{"embeddable":true,"href":"https:\/\/ctrl-alt-shift.com\/de\/wp-json\/wp\/v2\/comments?post=9"}],"version-history":[{"count":9,"href":"https:\/\/ctrl-alt-shift.com\/de\/wp-json\/wp\/v2\/pages\/9\/revisions"}],"predecessor-version":[{"id":469,"href":"https:\/\/ctrl-alt-shift.com\/de\/wp-json\/wp\/v2\/pages\/9\/revisions\/469"}],"wp:featuredmedia":[{"embeddable":true,"href":"https:\/\/ctrl-alt-shift.com\/de\/wp-json\/wp\/v2\/media\/342"}],"wp:attachment":[{"href":"https:\/\/ctrl-alt-shift.com\/de\/wp-json\/wp\/v2\/media?parent=9"}],"curies":[{"name":"wp","href":"https:\/\/api.w.org\/{rel}","templated":true}]}}